{"id":377,"date":"2025-09-23T14:19:38","date_gmt":"2025-09-23T12:19:38","guid":{"rendered":"https:\/\/gim4.home.pl\/autoinstalator\/wordpressplugins2\/?page_id=377"},"modified":"2025-09-23T15:04:48","modified_gmt":"2025-09-23T13:04:48","slug":"377-2","status":"publish","type":"page","link":"https:\/\/sp13.mielec.pl\/","title":{"rendered":""},"content":{"rendered":"<style type='text\/css' media='all'>#rt-tpg-container-2160450816 .rt-holder .rt-woo-info .price{color:#0367bf;}body .rt-tpg-container .rt-tpg-isotope-buttons .selected,\n\t\t\t\t\t#rt-tpg-container-2160450816 .layout12 .rt-holder:hover .rt-detail,\n\t\t\t\t\t#rt-tpg-container-2160450816 .isotope8 .rt-holder:hover .rt-detail,\n\t\t\t\t\t#rt-tpg-container-2160450816 .carousel8 .rt-holder:hover .rt-detail,\n\t\t\t\t\t#rt-tpg-container-2160450816 .layout13 .rt-holder .overlay .post-info,\n\t\t\t\t\t#rt-tpg-container-2160450816 .isotope9 .rt-holder .overlay .post-info,\n\t\t\t\t\t#rt-tpg-container-2160450816.rt-tpg-container .layout4 .rt-holder .rt-detail,\n\t\t\t\t\t.rt-modal-2160450816 .md-content,\n\t\t\t\t\t.rt-modal-2160450816 .md-content > .rt-md-content-holder .rt-md-content,\n\t\t\t\t\t.rt-popup-wrap-2160450816.rt-popup-wrap .rt-popup-navigation-wrap,\n\t\t\t\t\t#rt-tpg-container-2160450816 .carousel9 .rt-holder .overlay .post-info{background-color:#0367bf;}#rt-tpg-container-2160450816 .layout5 .rt-holder .overlay, #rt-tpg-container-2160450816 .isotope2 .rt-holder .overlay, #rt-tpg-container-2160450816 .carousel2 .rt-holder .overlay,#rt-tpg-container-2160450816 .layout15 .rt-holder h3, #rt-tpg-container-2160450816 .isotope11 .rt-holder h3, #rt-tpg-container-2160450816 .carousel11 .rt-holder h3, #rt-tpg-container-2160450816 .layout16 .rt-holder h3,\n\t\t\t\t\t#rt-tpg-container-2160450816 .isotope12 .rt-holder h3, #rt-tpg-container-2160450816 .carousel12 .rt-holder h3 {background-color:rgba(3,103,191,0.8);}#rt-tpg-container-2160450816 .pagination-list li a,\n\t\t\t\t\trt-tpg-container-2160450816 .pagination-list li span,\n\t\t\t\t\trt-tpg-container-2160450816 .pagination li a,\n\t\t\t\t\t#rt-tpg-container-2160450816 .rt-tpg-isotope-buttons button,\n\t\t\t\t\t#rt-tpg-container-2160450816 .rt-tpg-utility .rt-tpg-load-more button,\n\t\t\t\t\t#rt-tpg-container-2160450816.rt-tpg-container .swiper-navigation .slider-btn,\n\t\t\t\t\t#rt-tpg-container-2160450816.rt-tpg-container .swiper-pagination-bullet,\n\t\t\t\t\t#rt-tpg-container-2160450816 .wc1 .rt-holder .rt-img-holder .overlay .product-more ul li a,\n\t\t\t\t\t#rt-tpg-container-2160450816 .wc2 .rt-detail .rt-wc-add-to-cart,\n\t\t\t\t\t#rt-tpg-container-2160450816 .wc3 .rt-detail .rt-wc-add-to-cart,\n\t\t\t\t\t#rt-tpg-container-2160450816 .wc4 .rt-detail .rt-wc-add-to-cart,\n\t\t\t\t\t#rt-tpg-container-2160450816 .wc-carousel2 .rt-detail .rt-wc-add-to-cart,\n\t\t\t\t\t#rt-tpg-container-2160450816 .wc-isotope2 .rt-detail .rt-wc-add-to-cart,\n\t\t\t\t\t#rt-tpg-container-2160450816 .rt-layout-filter-container .rt-filter-wrap .rt-filter-item-wrap.rt-filter-dropdown-wrap .rt-filter-dropdown,\n\t\t\t\t\t#rt-tpg-container-2160450816 .rt-layout-filter-container .rt-filter-sub-tax.sub-button-group .rt-filter-button-item,\n\t\t\t\t\t#rt-tpg-container-2160450816.rt-tpg-container .rt-pagination-wrap .rt-page-numbers .paginationjs .paginationjs-pages ul li>a,\n\t\t\t\t\t#rt-tpg-container-2160450816 .rt-filter-item-wrap.rt-filter-button-wrap span.rt-filter-button-item,\n\t\t\t\t\t#rt-tpg-container-2160450816.rt-tpg-container .rt-pagination-wrap  .rt-loadmore-btn,\n\t\t\t\t\t#rt-tpg-container-2160450816.rt-tpg-container .rt-pagination-wrap .rt-cb-page-prev-next > *,\n\t\t\t\t\t#rt-tpg-container-2160450816 .rt-read-more,\n\t\t\t\t\t#rt-tooltip-2160450816, #rt-tooltip-2160450816 .rt-tooltip-bottom:after{background-color:#e5f3ff;}#rt-tpg-container-2160450816 .rt-filter-item-wrap.rt-filter-button-wrap span.rt-filter-button-item,\n\t\t\t\t\t#rt-tpg-container-2160450816 .rt-layout-filter-container .rt-filter-sub-tax.sub-button-group .rt-filter-button-item{border-color:#e5f3ff;}#rt-tpg-container-2160450816.rt-tpg-container .layout17 .rt-holder .overlay a.tpg-zoom .fa{color:#e5f3ff;}#rt-tpg-container-2160450816 .rt-holder .read-more a {background-color:#e5f3ff;padding: 8px 15px;}#rt-tpg-container-2160450816 .read-more a{border-radius:5px;}#rt-tpg-container-2160450816 .rt-img-holder img.rt-img-responsive,#rt-tpg-container-2160450816 .rt-img-holder,\n\t\t\t\t\t#rt-tpg-container-2160450816 .rt-post-overlay .post-img,\n\t\t\t\t\t#rt-tpg-container-2160450816 .post-sm .post-img,\n\t\t\t\t\t#rt-tpg-container-2160450816 .rt-post-grid .post-img,\n\t\t\t\t\t#rt-tpg-container-2160450816 .post-img img {border-radius:px;}<\/style><div class='rt-container-fluid rt-tpg-container tpg-shortcode-main-wrapper ' id='rt-tpg-container-2160450816'   data-layout='layout2' data-grid-style='even' data-desktop-col='1'  data-tab-col='1'  data-mobile-col='1' data-sc-id='373'><div id=\"bottom-script-loader\" class=\"bottom-script-loader\"><div class=\"rt-ball-clip-rotate\"><div><\/div><\/div><\/div><div data-title='Loading ...' class='rt-row rt-content-loader   layout2 tpg-even '><div class=\"rt-col-md-12 rt-col-sm-12 rt-col-xs-12 even-grid-item rt-grid-item\" data-id=\"951\"><div class=\"rt-holder\"><div class=\"rt-row\"><div class='rt-col-sm-4 rt-col-xs-12 '><div class=\"rt-img-holder\"><a data-id='951' class='' href='https:\/\/sp13.mielec.pl\/?p=951'><img decoding=\"async\" class=\"rt-img-responsive \" src=\"https:\/\/images.pexels.com\/photos\/29659893\/pexels-photo-29659893.jpeg\" alt=\"REKRUTACJA \u2013 ODDZIA\u0141 DWUJ\u0118ZYCZNY\" \/><\/a><\/div><\/div><div class='rt-col-sm-8 rt-col-xs-12 '><div class='rt-detail'><h3 class=\"entry-title\"><a data-id=\"951\" class=\"\" href=\"https:\/\/sp13.mielec.pl\/?p=951\">REKRUTACJA \u2013 ODDZIA\u0141 DWUJ\u0118ZYCZNY<\/a><\/h3><div class='tpg-excerpt'>1. Regulamin 2. Wniosek 3. Harmonogram rekrutacji 4. Deklaracja&nbsp;przyst\u0105pienia do sprawdzianu 5. O\u015bwiadczenie&nbsp;woli przyj\u0119cia...<\/div><span class='read-more '><a data-id='951' class='' href='https:\/\/sp13.mielec.pl\/?p=951'>Czytaj wi\u0119cej<\/a><\/span><\/div><\/div><\/div><\/div><\/div><div class=\"rt-col-md-12 rt-col-sm-12 rt-col-xs-12 even-grid-item rt-grid-item\" data-id=\"942\"><div class=\"rt-holder\"><div class=\"rt-row\"><div class='rt-col-sm-4 rt-col-xs-12 '><div class=\"rt-img-holder\"><a data-id='942' class='' href='https:\/\/sp13.mielec.pl\/?p=942'><img decoding=\"async\" class=\"rt-img-responsive \" src=\"https:\/\/lh3.googleusercontent.com\/pw\/AP1GczNPw67NaOcaY8PXRKtJg8GkUtqf9DJQBOGXgBzmh6ysEd2ke80yqVn-fg7SgI7FN_wFpLt1UGkXjgOeL6jfX8p28mNiSMwLXtFzomuKwg1PTQ5QXvq5J7HYN3mKQyVY7KgCtxt-DQzyUNDwXgX4HOqJuA=w1259-h948-s-no-gm?authuser=2\" alt=\"MI\u0118DZYSZKOLNY RAJD EKOLOGICZNY\" \/><\/a><\/div><\/div><div class='rt-col-sm-8 rt-col-xs-12 '><div class='rt-detail'><h3 class=\"entry-title\"><a data-id=\"942\" class=\"\" href=\"https:\/\/sp13.mielec.pl\/?p=942\">MI\u0118DZYSZKOLNY RAJD EKOLOGICZNY<\/a><\/h3><div class='tpg-excerpt'>W dniu 22 kwietnia uczniowie naszej szko\u0142y wzi\u0119li udzia\u0142 w Mi\u0119dzyszkolnym Rajdzie Ekologicznym dla klas V zorganizowanym w ramach obchod\u00f3w \u015awiatowego Dnia Ziemi. Uczniowie w pi\u0119knych okoliczno\u015bciach przyrody budz\u0105cej si\u0119 do \u017cycia po zimowym odpoczynku rywalizowali na pi\u0119ciu stacjach tematycznych...<\/div><span class='read-more '><a data-id='942' class='' href='https:\/\/sp13.mielec.pl\/?p=942'>Czytaj wi\u0119cej<\/a><\/span><\/div><\/div><\/div><\/div><\/div><div class=\"rt-col-md-12 rt-col-sm-12 rt-col-xs-12 even-grid-item rt-grid-item\" data-id=\"940\"><div class=\"rt-holder\"><div class=\"rt-row\"><div class='rt-col-sm-4 rt-col-xs-12 '><div class=\"rt-img-holder\"><a data-id='940' class='' href='https:\/\/sp13.mielec.pl\/?p=940'><img decoding=\"async\" class=\"rt-img-responsive \" src=\"https:\/\/lh3.googleusercontent.com\/pw\/AP1GczMLDfm95eR6AlK3IDfhtrf8jnVluGH6N3Ct6e954sn0jJ7oTyJgjQWVvQndRkbYSqnivpp0FN1mvC62TzIiPb6YhVDHv3FAptyD5j84s1kwXBRdG2T_Ug5xd2jYNl3gzXa_DJFa-i6IqJMNm9FTr_upLw=w1264-h948-s-no-gm?authuser=2\" alt=\"SPOTKANIE ONLINE Z UCZNIAMI Z NIEMIEC\" \/><\/a><\/div><\/div><div class='rt-col-sm-8 rt-col-xs-12 '><div class='rt-detail'><h3 class=\"entry-title\"><a data-id=\"940\" class=\"\" href=\"https:\/\/sp13.mielec.pl\/?p=940\">SPOTKANIE ONLINE Z UCZNIAMI Z NIEMIEC<\/a><\/h3><div class='tpg-excerpt'>W ostatnim czasie uczniowie naszej szko\u0142y mieli okazj\u0119 wzi\u0105\u0107 udzia\u0142 w wyj\u0105tkowym spotkaniu online z r\u00f3wie\u015bnikami z EstherBejaranoSchule w Hamburgu. Wydarzenie to by\u0142o doskona\u0142\u0105 okazj\u0105 do nawi\u0105zania mi\u0119dzynarodowych kontakt\u00f3w, wymiany do\u015bwiadcze\u0144 oraz poznania kultury i codziennego \u017cycia m\u0142odzie\u017cy z Niemiec...<\/div><span class='read-more '><a data-id='940' class='' href='https:\/\/sp13.mielec.pl\/?p=940'>Czytaj wi\u0119cej<\/a><\/span><\/div><\/div><\/div><\/div><\/div><div class=\"rt-col-md-12 rt-col-sm-12 rt-col-xs-12 even-grid-item rt-grid-item\" data-id=\"938\"><div class=\"rt-holder\"><div class=\"rt-row\"><div class='rt-col-sm-4 rt-col-xs-12 '><div class=\"rt-img-holder\"><a data-id='938' class='' href='https:\/\/sp13.mielec.pl\/?p=938'><img decoding=\"async\" class=\"rt-img-responsive \" src=\"https:\/\/lh3.googleusercontent.com\/pw\/AP1GczNQuL2x8Z8Djp85tUeOj-BSkFASf2VxAMgjAtn4ZM-RT2TYlfecHQ5h5cs5AzKBQiuxBnJGEE_v4jPmxKd4TolrYjDZNyQT2V56gTB_NuYJbviVV3AJdggDxsbMNkoeqGGY70fgtpQH0ag0TCDBfu1aSw=w1517-h948-s-no-gm?authuser=2\" alt=\"THE BIG CHALLENGE\" \/><\/a><\/div><\/div><div class='rt-col-sm-8 rt-col-xs-12 '><div class='rt-detail'><h3 class=\"entry-title\"><a data-id=\"938\" class=\"\" href=\"https:\/\/sp13.mielec.pl\/?p=938\">THE BIG CHALLENGE<\/a><\/h3><div class='tpg-excerpt'>W dniach 13 do 17 kwietnia 2026 w naszej szkole odby\u0142 si\u0119 og\u00f3lnopolski konkurs j\u0119zyka angielskiego The Big Challenge, kt\u00f3ry cieszy\u0142 si\u0119 du\u017cym zainteresowaniem w\u015br\u00f3d uczni\u00f3w. Uczestnicy mieli okazj\u0119 sprawdzi\u0107 swoje umiej\u0119tno\u015bci j\u0119zykowe, rozwi\u0105zuj\u0105c zadania z zakresu s\u0142ownictwa, gramatyki oraz...<\/div><span class='read-more '><a data-id='938' class='' href='https:\/\/sp13.mielec.pl\/?p=938'>Czytaj wi\u0119cej<\/a><\/span><\/div><\/div><\/div><\/div><\/div><div class=\"rt-col-md-12 rt-col-sm-12 rt-col-xs-12 even-grid-item rt-grid-item\" data-id=\"930\"><div class=\"rt-holder\"><div class=\"rt-row\"><div class='rt-col-sm-4 rt-col-xs-12 '><div class=\"rt-img-holder\"><a data-id='930' class='' href='https:\/\/sp13.mielec.pl\/?p=930'><img decoding=\"async\" class=\"rt-img-responsive \" src=\"https:\/\/lh3.googleusercontent.com\/pw\/AP1GczPLxNkEgPVi1B0ydb0oEXMw5ZsuT0tVWiauSbXyZbzAP6Us0mWid3ojIV5zeGgarSBEtm6yvN4eLpeMcTE2_-4wy7tZiEI7A7eGHxRbFVvY6M1YiOA6OVMV8P8TcJqHsphds8GfaCN95JO76GmRYVHaDw=w711-h948-s-no-gm?authuser=2\" alt=\"INDYWIDUALNE MISTRZOSTWA MIASTA MIELCA SZK\u00d3\u0141 PODSTAWOWYCH W SZACHACH\" \/><\/a><\/div><\/div><div class='rt-col-sm-8 rt-col-xs-12 '><div class='rt-detail'><h3 class=\"entry-title\"><a data-id=\"930\" class=\"\" href=\"https:\/\/sp13.mielec.pl\/?p=930\">INDYWIDUALNE MISTRZOSTWA MIASTA MIELCA SZK\u00d3\u0141 PODSTAWOWYCH W SZACHACH<\/a><\/h3><div class='tpg-excerpt'>Wielki sukces uczni\u00f3w SP13 w Mistrzostwach Mielca! To by\u0142 dzie\u0144 pe\u0142en emocji, skupienia i sportowej rywalizacji na najwy\u017cszym poziomie. Uczniowie Szko\u0142y Podstawowej nr 13 w Mielcu po raz kolejny udowodnili, \u017ce nale\u017c\u0105 do \u015bcis\u0142ej czo\u0142\u00f3wki m\u0142odych szachist\u00f3w w mie\u015bcie! Podczas...<\/div><span class='read-more '><a data-id='930' class='' href='https:\/\/sp13.mielec.pl\/?p=930'>Czytaj wi\u0119cej<\/a><\/span><\/div><\/div><\/div><\/div><\/div><div class=\"rt-col-md-12 rt-col-sm-12 rt-col-xs-12 even-grid-item rt-grid-item\" data-id=\"925\"><div class=\"rt-holder\"><div class=\"rt-row\"><div class='rt-col-sm-4 rt-col-xs-12 '><div class=\"rt-img-holder\"><a data-id='925' class='' href='https:\/\/sp13.mielec.pl\/?p=925'><img decoding=\"async\" class=\"rt-img-responsive \" src=\"https:\/\/lh3.googleusercontent.com\/pw\/AP1GczMGbdzZmkz4NP-jsz9iGCpgmacMfwh-xv_Q4l3BnJejgJDC7fh8HoPrg8SR3hBBK9a1ezA6ER6GyMWctSXwHPFdqP5kGAFhK_IUT6X0flD22A71ncji9gijsrZAYRJM1G14uUKw1zSC_FUBcPTxDpLNjg=w1517-h948-s-no-gm?authuser=2\" alt=\"WYMIANA POLSKO-NIEMIECKA\" \/><\/a><\/div><\/div><div class='rt-col-sm-8 rt-col-xs-12 '><div class='rt-detail'><h3 class=\"entry-title\"><a data-id=\"925\" class=\"\" href=\"https:\/\/sp13.mielec.pl\/?p=925\">WYMIANA POLSKO-NIEMIECKA<\/a><\/h3><div class='tpg-excerpt'>W dniach od 15 do 19 czerwca 2026 odb\u0119dzie si\u0119 w naszej szkole polsko-niemiecka wymiana, w ramach kt\u00f3rej b\u0119dziemy go\u015bci\u0107 uczni\u00f3w z Hamburga. M\u0142odzie\u017c przyjedzie do nas z EstherBejaranoSchule &#8211; szko\u0142y nosz\u0105cej imi\u0119 znanej aktywistki, kt\u00f3ra prze\u017cy\u0142a ob\u00f3z koncentracyjny w...<\/div><span class='read-more '><a data-id='925' class='' href='https:\/\/sp13.mielec.pl\/?p=925'>Czytaj wi\u0119cej<\/a><\/span><\/div><\/div><\/div><\/div><\/div><div class=\"rt-col-md-12 rt-col-sm-12 rt-col-xs-12 even-grid-item rt-grid-item\" data-id=\"921\"><div class=\"rt-holder\"><div class=\"rt-row\"><div class='rt-col-sm-4 rt-col-xs-12 '><div class=\"rt-img-holder\"><a data-id='921' class='' href='https:\/\/sp13.mielec.pl\/?p=921'><img decoding=\"async\" class=\"rt-img-responsive \" src=\"https:\/\/lh3.googleusercontent.com\/pw\/AP1GczME9DDpq7BLwMjxkZR1wnHVG1_FKTyn1VKMBGJ5TlenPbCooCbrgezK2BEKQ4dJ60do6N9qaaKwHVqq8W5OssT0f9eh52e_cgcTmxnzZk3-BK10qWEsMTXKiFBQy8q5aq5eOLpArPPQl6wrFsNl3P8OzA=w1264-h948-s-no-gm?authuser=2\" alt=\"PODR\u00d3\u017b DO \u015aWIATA TOLKIENA\" \/><\/a><\/div><\/div><div class='rt-col-sm-8 rt-col-xs-12 '><div class='rt-detail'><h3 class=\"entry-title\"><a data-id=\"921\" class=\"\" href=\"https:\/\/sp13.mielec.pl\/?p=921\">PODR\u00d3\u017b DO \u015aWIATA TOLKIENA<\/a><\/h3><div class='tpg-excerpt'>W ramach promocji czytelnictwa w bibliotece szkolnej mo\u017cna obejrze\u0107 niezwyk\u0142\u0105 wystaw\u0119 prac przedstawiaj\u0105cych norki hobbit\u00f3w, czyli ziemne domki, w kt\u00f3rych zamieszkiwali bohaterowie lektury J.R.R.Tolkiena \u201eHobbit, czyli tam i z powrotem\u201d. Uczniowie klas sz\u00f3stych, kt\u00f3rzy stworzyli te ma\u0142e arcydzie\u0142a, wykazali si\u0119...<\/div><span class='read-more '><a data-id='921' class='' href='https:\/\/sp13.mielec.pl\/?p=921'>Czytaj wi\u0119cej<\/a><\/span><\/div><\/div><\/div><\/div><\/div><div class=\"rt-col-md-12 rt-col-sm-12 rt-col-xs-12 even-grid-item rt-grid-item\" data-id=\"918\"><div class=\"rt-holder\"><div class=\"rt-row\"><div class='rt-col-sm-4 rt-col-xs-12 '><div class=\"rt-img-holder\"><a data-id='918' class='' href='https:\/\/sp13.mielec.pl\/?p=918'><img decoding=\"async\" class=\"rt-img-responsive \" src=\"https:\/\/lh3.googleusercontent.com\/pw\/AP1GczM91jyRYQjihVbIORGjkcg5Q23Tuwy3RhJwq3zEeUYH0HzG3NP-NzXktMVdDfeJexRKtJqBQfgL8qgBJWBjEs3w76wR8xLr5ONjzDZzepVQZhtgDDIWjXMgNRpDvGZaAKV6MZHMc2ruiY1iG1y5RxqA6A=w1264-h948-s-no-gm?authuser=2\" alt=\"\u201eM\u00d3J ULUBIONY BOHATER LITERACKI\u201d\" \/><\/a><\/div><\/div><div class='rt-col-sm-8 rt-col-xs-12 '><div class='rt-detail'><h3 class=\"entry-title\"><a data-id=\"918\" class=\"\" href=\"https:\/\/sp13.mielec.pl\/?p=918\">\u201eM\u00d3J ULUBIONY BOHATER LITERACKI\u201d<\/a><\/h3><div class='tpg-excerpt'>Tak brzmia\u0142 temat konkursu na lapbooki dla klas sz\u00f3stych i si\u00f3dmych organizowanego przez bibliotek\u0119 szkoln\u0105. Wysoki poziom prac udowodni\u0142, \u017ce mamy bardzo zdoln\u0105 i tw\u00f3rcz\u0105 m\u0142odzie\u017c. Rozdanie nagr\u00f3d odby\u0142o si\u0119 25 marca w sali bibliotecznej. Z wielu wspania\u0142ych prac wyr\u00f3\u017cniono...<\/div><span class='read-more '><a data-id='918' class='' href='https:\/\/sp13.mielec.pl\/?p=918'>Czytaj wi\u0119cej<\/a><\/span><\/div><\/div><\/div><\/div><\/div><\/div><div class='rt-pagination-wrap' data-total-pages='13' data-posts-per-page='8' data-type='pagination'  ><div class=\"rt-pagination\" ><ul class=\"pagination-list\"><li class=\"active\"><span>1<\/span><\/li><li><a data-paged='2' href='https:\/\/sp13.mielec.pl\/index.php?rest_route=%2Fwp%2Fv2%2Fpages%2F377&#038;paged=2'>2<\/a><\/li><li><a data-paged='3' href='https:\/\/sp13.mielec.pl\/index.php?rest_route=%2Fwp%2Fv2%2Fpages%2F377&#038;paged=3'>3<\/a><\/li><li><a data-paged='4' href='https:\/\/sp13.mielec.pl\/index.php?rest_route=%2Fwp%2Fv2%2Fpages%2F377&#038;paged=4'>4<\/a><\/li><li><a data-paged='5' href='https:\/\/sp13.mielec.pl\/index.php?rest_route=%2Fwp%2Fv2%2Fpages%2F377&#038;paged=5'>5<\/a><\/li><li><a data-paged='2' href=\"https:\/\/sp13.mielec.pl\/index.php?rest_route=%2Fwp%2Fv2%2Fpages%2F377&#038;paged=2\"  aria-label='Next'>&rsaquo;<\/a><\/li><li><a data-paged='13' href='https:\/\/sp13.mielec.pl\/index.php?rest_route=%2Fwp%2Fv2%2Fpages%2F377&#038;paged=13' aria-label='Last'>&raquo;<\/a><\/li><\/ul><\/div><\/div><\/div>\n\n\n\n<p><\/p>\n","protected":false},"excerpt":{"rendered":"","protected":false},"author":1,"featured_media":0,"parent":0,"menu_order":0,"comment_status":"closed","ping_status":"closed","template":"","meta":{"_themeisle_gutenberg_block_has_review":false,"footnotes":""},"class_list":["post-377","page","type-page","status-publish","hentry"],"yoast_head":"<!-- This site is optimized with the Yoast SEO plugin v25.9 - https:\/\/yoast.com\/wordpress\/plugins\/seo\/ -->\n<title>- SZKO\u0141A PODSTAWOWA NR 13 W MIELCU<\/title>\n<meta name=\"description\" content=\"SZKO\u0141A PODSTAWOWA NR 13 W MIELCU %Szko\u0142a Podstawowa nr 13 w Mielcu\" \/>\n<meta name=\"robots\" content=\"index, follow, max-snippet:-1, max-image-preview:large, max-video-preview:-1\" \/>\n<link rel=\"canonical\" href=\"https:\/\/sp13.mielec.pl\/\" \/>\n<meta property=\"og:locale\" content=\"pl_PL\" \/>\n<meta property=\"og:type\" content=\"article\" \/>\n<meta property=\"og:title\" content=\"- SZKO\u0141A PODSTAWOWA NR 13 W MIELCU\" \/>\n<meta property=\"og:description\" content=\"SZKO\u0141A PODSTAWOWA NR 13 W MIELCU %Szko\u0142a Podstawowa nr 13 w Mielcu\" \/>\n<meta property=\"og:url\" content=\"https:\/\/sp13.mielec.pl\/\" \/>\n<meta property=\"og:site_name\" content=\"SZKO\u0141A PODSTAWOWA NR 13 W MIELCU\" \/>\n<meta property=\"article:publisher\" content=\"https:\/\/www.facebook.com\/profile.php?id=100075648866324#\" \/>\n<meta property=\"article:modified_time\" content=\"2025-09-23T13:04:48+00:00\" \/>\n<meta name=\"twitter:card\" content=\"summary_large_image\" \/>\n<meta name=\"twitter:label1\" content=\"Szacowany czas czytania\" \/>\n\t<meta name=\"twitter:data1\" content=\"1 minuta\" \/>\n<script type=\"application\/ld+json\" class=\"yoast-schema-graph\">{\"@context\":\"https:\/\/schema.org\",\"@graph\":[{\"@type\":\"WebPage\",\"@id\":\"https:\/\/sp13.mielec.pl\/\",\"url\":\"https:\/\/sp13.mielec.pl\/\",\"name\":\"- SZKO\u0141A PODSTAWOWA NR 13 W MIELCU\",\"isPartOf\":{\"@id\":\"https:\/\/sp13.mielec.pl\/#website\"},\"datePublished\":\"2025-09-23T12:19:38+00:00\",\"dateModified\":\"2025-09-23T13:04:48+00:00\",\"description\":\"SZKO\u0141A PODSTAWOWA NR 13 W MIELCU %Szko\u0142a Podstawowa nr 13 w Mielcu\",\"inLanguage\":\"pl-PL\",\"potentialAction\":[{\"@type\":\"ReadAction\",\"target\":[\"https:\/\/sp13.mielec.pl\/\"]}]},{\"@type\":\"WebSite\",\"@id\":\"https:\/\/sp13.mielec.pl\/#website\",\"url\":\"https:\/\/sp13.mielec.pl\/\",\"name\":\"SZKO\u0141A PODSTAWOWA NR 13 W MIELCU\",\"description\":\"im. Jana Bytnara Rudego\",\"publisher\":{\"@id\":\"https:\/\/sp13.mielec.pl\/#organization\"},\"potentialAction\":[{\"@type\":\"SearchAction\",\"target\":{\"@type\":\"EntryPoint\",\"urlTemplate\":\"https:\/\/sp13.mielec.pl\/?s={search_term_string}\"},\"query-input\":{\"@type\":\"PropertyValueSpecification\",\"valueRequired\":true,\"valueName\":\"search_term_string\"}}],\"inLanguage\":\"pl-PL\"},{\"@type\":\"Organization\",\"@id\":\"https:\/\/sp13.mielec.pl\/#organization\",\"name\":\"SZKO\u0141A PODSTAWOWA NR 13 W MIELCU\",\"url\":\"https:\/\/sp13.mielec.pl\/\",\"logo\":{\"@type\":\"ImageObject\",\"inLanguage\":\"pl-PL\",\"@id\":\"https:\/\/sp13.mielec.pl\/#\/schema\/logo\/image\/\",\"url\":\"https:\/\/sp13.mielec.pl\/wp-content\/uploads\/2025\/09\/cropped-cropped-herb-szkoly-ezgif.com-resize-1.gif\",\"contentUrl\":\"https:\/\/sp13.mielec.pl\/wp-content\/uploads\/2025\/09\/cropped-cropped-herb-szkoly-ezgif.com-resize-1.gif\",\"width\":150,\"height\":150,\"caption\":\"SZKO\u0141A PODSTAWOWA NR 13 W MIELCU\"},\"image\":{\"@id\":\"https:\/\/sp13.mielec.pl\/#\/schema\/logo\/image\/\"},\"sameAs\":[\"https:\/\/www.facebook.com\/profile.php?id=100075648866324#\"]}]}<\/script>\n<!-- \/ Yoast SEO plugin. -->","yoast_head_json":{"title":"- SZKO\u0141A PODSTAWOWA NR 13 W MIELCU","description":"SZKO\u0141A PODSTAWOWA NR 13 W MIELCU %Szko\u0142a Podstawowa nr 13 w Mielcu","robots":{"index":"index","follow":"follow","max-snippet":"max-snippet:-1","max-image-preview":"max-image-preview:large","max-video-preview":"max-video-preview:-1"},"canonical":"https:\/\/sp13.mielec.pl\/","og_locale":"pl_PL","og_type":"article","og_title":"- SZKO\u0141A PODSTAWOWA NR 13 W MIELCU","og_description":"SZKO\u0141A PODSTAWOWA NR 13 W MIELCU %Szko\u0142a Podstawowa nr 13 w Mielcu","og_url":"https:\/\/sp13.mielec.pl\/","og_site_name":"SZKO\u0141A PODSTAWOWA NR 13 W MIELCU","article_publisher":"https:\/\/www.facebook.com\/profile.php?id=100075648866324#","article_modified_time":"2025-09-23T13:04:48+00:00","twitter_card":"summary_large_image","twitter_misc":{"Szacowany czas czytania":"1 minuta"},"schema":{"@context":"https:\/\/schema.org","@graph":[{"@type":"WebPage","@id":"https:\/\/sp13.mielec.pl\/","url":"https:\/\/sp13.mielec.pl\/","name":"- SZKO\u0141A PODSTAWOWA NR 13 W MIELCU","isPartOf":{"@id":"https:\/\/sp13.mielec.pl\/#website"},"datePublished":"2025-09-23T12:19:38+00:00","dateModified":"2025-09-23T13:04:48+00:00","description":"SZKO\u0141A PODSTAWOWA NR 13 W MIELCU %Szko\u0142a Podstawowa nr 13 w Mielcu","inLanguage":"pl-PL","potentialAction":[{"@type":"ReadAction","target":["https:\/\/sp13.mielec.pl\/"]}]},{"@type":"WebSite","@id":"https:\/\/sp13.mielec.pl\/#website","url":"https:\/\/sp13.mielec.pl\/","name":"SZKO\u0141A PODSTAWOWA NR 13 W MIELCU","description":"im. Jana Bytnara Rudego","publisher":{"@id":"https:\/\/sp13.mielec.pl\/#organization"},"potentialAction":[{"@type":"SearchAction","target":{"@type":"EntryPoint","urlTemplate":"https:\/\/sp13.mielec.pl\/?s={search_term_string}"},"query-input":{"@type":"PropertyValueSpecification","valueRequired":true,"valueName":"search_term_string"}}],"inLanguage":"pl-PL"},{"@type":"Organization","@id":"https:\/\/sp13.mielec.pl\/#organization","name":"SZKO\u0141A PODSTAWOWA NR 13 W MIELCU","url":"https:\/\/sp13.mielec.pl\/","logo":{"@type":"ImageObject","inLanguage":"pl-PL","@id":"https:\/\/sp13.mielec.pl\/#\/schema\/logo\/image\/","url":"https:\/\/sp13.mielec.pl\/wp-content\/uploads\/2025\/09\/cropped-cropped-herb-szkoly-ezgif.com-resize-1.gif","contentUrl":"https:\/\/sp13.mielec.pl\/wp-content\/uploads\/2025\/09\/cropped-cropped-herb-szkoly-ezgif.com-resize-1.gif","width":150,"height":150,"caption":"SZKO\u0141A PODSTAWOWA NR 13 W MIELCU"},"image":{"@id":"https:\/\/sp13.mielec.pl\/#\/schema\/logo\/image\/"},"sameAs":["https:\/\/www.facebook.com\/profile.php?id=100075648866324#"]}]}},"rttpg_featured_image_url":null,"rttpg_author":{"display_name":"admin","author_link":"https:\/\/sp13.mielec.pl\/?author=1"},"rttpg_comment":0,"rttpg_category":"","rttpg_excerpt":null,"_links":{"self":[{"href":"https:\/\/sp13.mielec.pl\/index.php?rest_route=\/wp\/v2\/pages\/377","targetHints":{"allow":["GET"]}}],"collection":[{"href":"https:\/\/sp13.mielec.pl\/index.php?rest_route=\/wp\/v2\/pages"}],"about":[{"href":"https:\/\/sp13.mielec.pl\/index.php?rest_route=\/wp\/v2\/types\/page"}],"author":[{"embeddable":true,"href":"https:\/\/sp13.mielec.pl\/index.php?rest_route=\/wp\/v2\/users\/1"}],"replies":[{"embeddable":true,"href":"https:\/\/sp13.mielec.pl\/index.php?rest_route=%2Fwp%2Fv2%2Fcomments&post=377"}],"version-history":[{"count":7,"href":"https:\/\/sp13.mielec.pl\/index.php?rest_route=\/wp\/v2\/pages\/377\/revisions"}],"predecessor-version":[{"id":403,"href":"https:\/\/sp13.mielec.pl\/index.php?rest_route=\/wp\/v2\/pages\/377\/revisions\/403"}],"wp:attachment":[{"href":"https:\/\/sp13.mielec.pl\/index.php?rest_route=%2Fwp%2Fv2%2Fmedia&parent=377"}],"curies":[{"name":"wp","href":"https:\/\/api.w.org\/{rel}","templated":true}]}}