{"id":18,"date":"2025-09-04T14:20:22","date_gmt":"2025-09-04T12:20:22","guid":{"rendered":"https:\/\/gim4.home.pl\/autoinstalator\/wordpressplugins2\/?page_id=18"},"modified":"2025-09-04T14:20:22","modified_gmt":"2025-09-04T12:20:22","slug":"godlo-szkoly","status":"publish","type":"page","link":"https:\/\/sp13.mielec.pl\/?page_id=18","title":{"rendered":"God\u0142o szko\u0142y"},"content":{"rendered":"\n<h2 class=\"wp-block-heading\">God\u0142o Szko\u0142y<\/h2>\n\n\n\n<p><img loading=\"lazy\" decoding=\"async\" src=\"http:\/\/gim4.home.pl\/sp13old\/imgs\/herb-szkoly.gif\" alt=\"\" width=\"200\" height=\"200\"><\/p>\n\n\n\n<p><br><br><br><br>Powy\u017csze logo w dniu 02.06.2003 r. zosta\u0142o wyr\u00f3\u017cnione w konkursie pod has\u0142em &#8222;Wsp\u00f3lnie Tworzymy Szkoln\u0105 Internetow\u0105 Map\u0119 Polski &#8211; Wielkie Szkolne Logowisko&#8221;, zorganizowanym przez Zesp\u00f3\u0142 programu Interszko\u0142a na stronie www.interszkola.pl, otrzymuj\u0105c IV miejsce w Polsce.<br><br><br><strong>Uzasadnienie pomys\u0142u na wygl\u0105d znaku:<\/strong><\/p>\n\n\n\n<p>\u2022&nbsp;ko\u0142o to symbol porz\u0105dku, \u0142adu, i harmonii;<br>\u2022&nbsp;br\u0105zowy kaganek to symbol o\u015bwiaty, a jego kolor to barwa Ziemi na kt\u00f3rej \u017cyjemy;<br>\u2022&nbsp;p\u0142omie\u0144 w kszta\u0142cie &#8222;13&#8221; to oczywi\u015bcie numer naszej szko\u0142y;<br>\u2022&nbsp;t\u0142o opaski z nazw\u0105 szko\u0142y to znak dumy, a symbolizuje go kolor z\u0142oty.<\/p>\n","protected":false},"excerpt":{"rendered":"<p>God\u0142o Szko\u0142y Powy\u017csze logo w dniu 02.06.2003 r. zosta\u0142o wyr\u00f3\u017cnione w konkursie pod has\u0142em &#8222;Wsp\u00f3lnie Tworzymy Szkoln\u0105 Internetow\u0105 Map\u0119 Polski &#8211; Wielkie Szkolne Logowisko&#8221;, zorganizowanym przez Zesp\u00f3\u0142 programu Interszko\u0142a na stronie www.interszkola.pl, otrzymuj\u0105c IV miejsce w Polsce. Uzasadnienie pomys\u0142u na <a href=\"https:\/\/sp13.mielec.pl\/?page_id=18\" class=\"read-more\">&#8230;<\/a><\/p>\n","protected":false},"author":1,"featured_media":0,"parent":0,"menu_order":0,"comment_status":"closed","ping_status":"closed","template":"","meta":{"_themeisle_gutenberg_block_has_review":false,"footnotes":""},"class_list":["post-18","page","type-page","status-publish","hentry"],"yoast_head":"<!-- This site is optimized with the Yoast SEO plugin v25.9 - https:\/\/yoast.com\/wordpress\/plugins\/seo\/ -->\n<title>God\u0142o szko\u0142y - SZKO\u0141A PODSTAWOWA NR 13 W MIELCU<\/title>\n<meta name=\"description\" content=\"SZKO\u0141A PODSTAWOWA NR 13 W MIELCU %Szko\u0142a Podstawowa nr 13 w Mielcu\" \/>\n<meta name=\"robots\" content=\"index, follow, max-snippet:-1, max-image-preview:large, max-video-preview:-1\" \/>\n<link rel=\"canonical\" href=\"https:\/\/sp13.mielec.pl\/?page_id=18\" \/>\n<meta property=\"og:locale\" content=\"pl_PL\" \/>\n<meta property=\"og:type\" content=\"article\" \/>\n<meta property=\"og:title\" content=\"God\u0142o szko\u0142y - SZKO\u0141A PODSTAWOWA NR 13 W MIELCU\" \/>\n<meta property=\"og:description\" content=\"SZKO\u0141A PODSTAWOWA NR 13 W MIELCU %Szko\u0142a Podstawowa nr 13 w Mielcu\" \/>\n<meta property=\"og:url\" content=\"https:\/\/sp13.mielec.pl\/?page_id=18\" \/>\n<meta property=\"og:site_name\" content=\"SZKO\u0141A PODSTAWOWA NR 13 W MIELCU\" \/>\n<meta property=\"article:publisher\" content=\"https:\/\/www.facebook.com\/profile.php?id=100075648866324#\" \/>\n<meta property=\"og:image\" content=\"http:\/\/gim4.home.pl\/sp13old\/imgs\/herb-szkoly.gif\" \/>\n<meta name=\"twitter:card\" content=\"summary_large_image\" \/>\n<meta name=\"twitter:label1\" content=\"Szacowany czas czytania\" \/>\n\t<meta name=\"twitter:data1\" content=\"1 minuta\" \/>\n<script type=\"application\/ld+json\" class=\"yoast-schema-graph\">{\"@context\":\"https:\/\/schema.org\",\"@graph\":[{\"@type\":\"WebPage\",\"@id\":\"https:\/\/sp13.mielec.pl\/?page_id=18\",\"url\":\"https:\/\/sp13.mielec.pl\/?page_id=18\",\"name\":\"God\u0142o szko\u0142y - SZKO\u0141A PODSTAWOWA NR 13 W MIELCU\",\"isPartOf\":{\"@id\":\"https:\/\/sp13.mielec.pl\/#website\"},\"primaryImageOfPage\":{\"@id\":\"https:\/\/sp13.mielec.pl\/?page_id=18#primaryimage\"},\"image\":{\"@id\":\"https:\/\/sp13.mielec.pl\/?page_id=18#primaryimage\"},\"thumbnailUrl\":\"http:\/\/gim4.home.pl\/sp13old\/imgs\/herb-szkoly.gif\",\"datePublished\":\"2025-09-04T12:20:22+00:00\",\"description\":\"SZKO\u0141A PODSTAWOWA NR 13 W MIELCU %Szko\u0142a Podstawowa nr 13 w Mielcu\",\"breadcrumb\":{\"@id\":\"https:\/\/sp13.mielec.pl\/?page_id=18#breadcrumb\"},\"inLanguage\":\"pl-PL\",\"potentialAction\":[{\"@type\":\"ReadAction\",\"target\":[\"https:\/\/sp13.mielec.pl\/?page_id=18\"]}]},{\"@type\":\"ImageObject\",\"inLanguage\":\"pl-PL\",\"@id\":\"https:\/\/sp13.mielec.pl\/?page_id=18#primaryimage\",\"url\":\"http:\/\/gim4.home.pl\/sp13old\/imgs\/herb-szkoly.gif\",\"contentUrl\":\"http:\/\/gim4.home.pl\/sp13old\/imgs\/herb-szkoly.gif\"},{\"@type\":\"BreadcrumbList\",\"@id\":\"https:\/\/sp13.mielec.pl\/?page_id=18#breadcrumb\",\"itemListElement\":[{\"@type\":\"ListItem\",\"position\":1,\"name\":\"Home\",\"item\":\"https:\/\/sp13.mielec.pl\/\"},{\"@type\":\"ListItem\",\"position\":2,\"name\":\"God\u0142o szko\u0142y\"}]},{\"@type\":\"WebSite\",\"@id\":\"https:\/\/sp13.mielec.pl\/#website\",\"url\":\"https:\/\/sp13.mielec.pl\/\",\"name\":\"SZKO\u0141A PODSTAWOWA NR 13 W MIELCU\",\"description\":\"im. Jana Bytnara Rudego\",\"publisher\":{\"@id\":\"https:\/\/sp13.mielec.pl\/#organization\"},\"potentialAction\":[{\"@type\":\"SearchAction\",\"target\":{\"@type\":\"EntryPoint\",\"urlTemplate\":\"https:\/\/sp13.mielec.pl\/?s={search_term_string}\"},\"query-input\":{\"@type\":\"PropertyValueSpecification\",\"valueRequired\":true,\"valueName\":\"search_term_string\"}}],\"inLanguage\":\"pl-PL\"},{\"@type\":\"Organization\",\"@id\":\"https:\/\/sp13.mielec.pl\/#organization\",\"name\":\"SZKO\u0141A PODSTAWOWA NR 13 W MIELCU\",\"url\":\"https:\/\/sp13.mielec.pl\/\",\"logo\":{\"@type\":\"ImageObject\",\"inLanguage\":\"pl-PL\",\"@id\":\"https:\/\/sp13.mielec.pl\/#\/schema\/logo\/image\/\",\"url\":\"https:\/\/sp13.mielec.pl\/wp-content\/uploads\/2025\/09\/cropped-cropped-herb-szkoly-ezgif.com-resize-1.gif\",\"contentUrl\":\"https:\/\/sp13.mielec.pl\/wp-content\/uploads\/2025\/09\/cropped-cropped-herb-szkoly-ezgif.com-resize-1.gif\",\"width\":150,\"height\":150,\"caption\":\"SZKO\u0141A PODSTAWOWA NR 13 W MIELCU\"},\"image\":{\"@id\":\"https:\/\/sp13.mielec.pl\/#\/schema\/logo\/image\/\"},\"sameAs\":[\"https:\/\/www.facebook.com\/profile.php?id=100075648866324#\"]}]}<\/script>\n<!-- \/ Yoast SEO plugin. -->","yoast_head_json":{"title":"God\u0142o szko\u0142y - SZKO\u0141A PODSTAWOWA NR 13 W MIELCU","description":"SZKO\u0141A PODSTAWOWA NR 13 W MIELCU %Szko\u0142a Podstawowa nr 13 w Mielcu","robots":{"index":"index","follow":"follow","max-snippet":"max-snippet:-1","max-image-preview":"max-image-preview:large","max-video-preview":"max-video-preview:-1"},"canonical":"https:\/\/sp13.mielec.pl\/?page_id=18","og_locale":"pl_PL","og_type":"article","og_title":"God\u0142o szko\u0142y - SZKO\u0141A PODSTAWOWA NR 13 W MIELCU","og_description":"SZKO\u0141A PODSTAWOWA NR 13 W MIELCU %Szko\u0142a Podstawowa nr 13 w Mielcu","og_url":"https:\/\/sp13.mielec.pl\/?page_id=18","og_site_name":"SZKO\u0141A PODSTAWOWA NR 13 W MIELCU","article_publisher":"https:\/\/www.facebook.com\/profile.php?id=100075648866324#","og_image":[{"url":"http:\/\/gim4.home.pl\/sp13old\/imgs\/herb-szkoly.gif","type":"","width":"","height":""}],"twitter_card":"summary_large_image","twitter_misc":{"Szacowany czas czytania":"1 minuta"},"schema":{"@context":"https:\/\/schema.org","@graph":[{"@type":"WebPage","@id":"https:\/\/sp13.mielec.pl\/?page_id=18","url":"https:\/\/sp13.mielec.pl\/?page_id=18","name":"God\u0142o szko\u0142y - SZKO\u0141A PODSTAWOWA NR 13 W MIELCU","isPartOf":{"@id":"https:\/\/sp13.mielec.pl\/#website"},"primaryImageOfPage":{"@id":"https:\/\/sp13.mielec.pl\/?page_id=18#primaryimage"},"image":{"@id":"https:\/\/sp13.mielec.pl\/?page_id=18#primaryimage"},"thumbnailUrl":"http:\/\/gim4.home.pl\/sp13old\/imgs\/herb-szkoly.gif","datePublished":"2025-09-04T12:20:22+00:00","description":"SZKO\u0141A PODSTAWOWA NR 13 W MIELCU %Szko\u0142a Podstawowa nr 13 w Mielcu","breadcrumb":{"@id":"https:\/\/sp13.mielec.pl\/?page_id=18#breadcrumb"},"inLanguage":"pl-PL","potentialAction":[{"@type":"ReadAction","target":["https:\/\/sp13.mielec.pl\/?page_id=18"]}]},{"@type":"ImageObject","inLanguage":"pl-PL","@id":"https:\/\/sp13.mielec.pl\/?page_id=18#primaryimage","url":"http:\/\/gim4.home.pl\/sp13old\/imgs\/herb-szkoly.gif","contentUrl":"http:\/\/gim4.home.pl\/sp13old\/imgs\/herb-szkoly.gif"},{"@type":"BreadcrumbList","@id":"https:\/\/sp13.mielec.pl\/?page_id=18#breadcrumb","itemListElement":[{"@type":"ListItem","position":1,"name":"Home","item":"https:\/\/sp13.mielec.pl\/"},{"@type":"ListItem","position":2,"name":"God\u0142o szko\u0142y"}]},{"@type":"WebSite","@id":"https:\/\/sp13.mielec.pl\/#website","url":"https:\/\/sp13.mielec.pl\/","name":"SZKO\u0141A PODSTAWOWA NR 13 W MIELCU","description":"im. Jana Bytnara Rudego","publisher":{"@id":"https:\/\/sp13.mielec.pl\/#organization"},"potentialAction":[{"@type":"SearchAction","target":{"@type":"EntryPoint","urlTemplate":"https:\/\/sp13.mielec.pl\/?s={search_term_string}"},"query-input":{"@type":"PropertyValueSpecification","valueRequired":true,"valueName":"search_term_string"}}],"inLanguage":"pl-PL"},{"@type":"Organization","@id":"https:\/\/sp13.mielec.pl\/#organization","name":"SZKO\u0141A PODSTAWOWA NR 13 W MIELCU","url":"https:\/\/sp13.mielec.pl\/","logo":{"@type":"ImageObject","inLanguage":"pl-PL","@id":"https:\/\/sp13.mielec.pl\/#\/schema\/logo\/image\/","url":"https:\/\/sp13.mielec.pl\/wp-content\/uploads\/2025\/09\/cropped-cropped-herb-szkoly-ezgif.com-resize-1.gif","contentUrl":"https:\/\/sp13.mielec.pl\/wp-content\/uploads\/2025\/09\/cropped-cropped-herb-szkoly-ezgif.com-resize-1.gif","width":150,"height":150,"caption":"SZKO\u0141A PODSTAWOWA NR 13 W MIELCU"},"image":{"@id":"https:\/\/sp13.mielec.pl\/#\/schema\/logo\/image\/"},"sameAs":["https:\/\/www.facebook.com\/profile.php?id=100075648866324#"]}]}},"rttpg_featured_image_url":null,"rttpg_author":{"display_name":"admin","author_link":"https:\/\/sp13.mielec.pl\/?author=1"},"rttpg_comment":0,"rttpg_category":null,"rttpg_excerpt":"God\u0142o Szko\u0142y Powy\u017csze logo w dniu 02.06.2003 r. zosta\u0142o wyr\u00f3\u017cnione w konkursie pod has\u0142em &#8222;Wsp\u00f3lnie Tworzymy Szkoln\u0105 Internetow\u0105 Map\u0119 Polski &#8211; Wielkie Szkolne Logowisko&#8221;, zorganizowanym przez Zesp\u00f3\u0142 programu Interszko\u0142a na stronie www.interszkola.pl, otrzymuj\u0105c IV miejsce w Polsce. Uzasadnienie pomys\u0142u na ...","_links":{"self":[{"href":"https:\/\/sp13.mielec.pl\/index.php?rest_route=\/wp\/v2\/pages\/18","targetHints":{"allow":["GET"]}}],"collection":[{"href":"https:\/\/sp13.mielec.pl\/index.php?rest_route=\/wp\/v2\/pages"}],"about":[{"href":"https:\/\/sp13.mielec.pl\/index.php?rest_route=\/wp\/v2\/types\/page"}],"author":[{"embeddable":true,"href":"https:\/\/sp13.mielec.pl\/index.php?rest_route=\/wp\/v2\/users\/1"}],"replies":[{"embeddable":true,"href":"https:\/\/sp13.mielec.pl\/index.php?rest_route=%2Fwp%2Fv2%2Fcomments&post=18"}],"version-history":[{"count":1,"href":"https:\/\/sp13.mielec.pl\/index.php?rest_route=\/wp\/v2\/pages\/18\/revisions"}],"predecessor-version":[{"id":19,"href":"https:\/\/sp13.mielec.pl\/index.php?rest_route=\/wp\/v2\/pages\/18\/revisions\/19"}],"wp:attachment":[{"href":"https:\/\/sp13.mielec.pl\/index.php?rest_route=%2Fwp%2Fv2%2Fmedia&parent=18"}],"curies":[{"name":"wp","href":"https:\/\/api.w.org\/{rel}","templated":true}]}}