{"id":177,"date":"2025-09-11T09:00:31","date_gmt":"2025-09-11T07:00:31","guid":{"rendered":"http:\/\/gim4.home.pl\/autoinstalator\/wordpressplugins2\/?page_id=177"},"modified":"2025-09-11T09:00:31","modified_gmt":"2025-09-11T07:00:31","slug":"esp-epuap","status":"publish","type":"page","link":"https:\/\/sp13.mielec.pl\/?page_id=177","title":{"rendered":"ESP ePUAP"},"content":{"rendered":"\n<h2 class=\"wp-block-heading\">ESP ePUAP<\/h2>\n\n\n\n<h2 class=\"wp-block-heading\">Elektroniczna skrzynka podawcza<\/h2>\n\n\n\n<p>W celu z\u0142o\u017cenia do&nbsp;SZKO\u0141A PODSTAWOWA NR 13 W MIELCU&nbsp;pisma w formie dokumentu elektronicznego za po\u015brednictwem elektronicznej skrzynki podawczej konieczne jest posiadanie bezp\u0142atnego konta u\u017cytkownika i profilu zaufanego na&nbsp;<a href=\"https:\/\/epuap.gov.pl\/wps\/portal\/strefa-klienta\"><strong>platformie ePUAP<\/strong><\/a>.<\/p>\n\n\n\n<p>Adres elektronicznej skrzynki podawczej (ESP) SP13 w Mielcu:&nbsp;<strong>\/sp13mielec\/SkrytkaESP<\/strong><\/p>\n\n\n\n<p>Dokumenty elektroniczne mo\u017cna dostarczy\u0107 m.in. poprzez:<\/p>\n\n\n\n<ol class=\"wp-block-list\">\n<li>wyszukanie nazwy szko\u0142y\u201e\u201d\u00a0<strong><a href=\"https:\/\/epuap.gov.pl\/wps\/portal\/strefa-klienta\/katalog-spraw\">w katalogu spraw<\/a><\/strong>\u00a0i wybraniu formularza odpowiedniej us\u0142ugi,<\/li>\n\n\n\n<li>skorzystanie z\u00a0<strong><a href=\"https:\/\/epuap.gov.pl\/wps\/myportal\/strefa-klienta\/katalog-spraw\/sprawy-ogolne\/ogolne-sprawy-urzedowe-2\/pismo-ogolne-do-podmiotu-publicznego-nowe\">formularza pisma og\u00f3lnego do podmiotu publicznego<\/a><\/strong>\u00a0i zaadresowanie na \u201eSZKO\u0141A PODSTAWOWA NR 13 W MIELCU\u201d.<\/li>\n<\/ol>\n\n\n\n<p>W przypadku problem\u00f3w z w\u0142a\u015bciwym zaadresowaniem korespondencji na ePUAP do&nbsp;SP13 w Mielcu nale\u017cy wpisa\u0107 w polu adresowym adres ESP:&nbsp;<strong>\/sp13mielec\/SkrytkaESP<\/strong><\/p>\n\n\n\n<p>Wymogi dla dokument\u00f3w elektronicznych dostarczanych przez ePUAP:<\/p>\n\n\n\n<ol class=\"wp-block-list\">\n<li>Dokumenty elektroniczne musz\u0105 by\u0107 podpisane wa\u017cnym kwalifikowanym podpisem cyfrowym lub profilem zaufanym ePUAP.<\/li>\n\n\n\n<li>Akceptowalne formaty za\u0142\u0105cznik\u00f3w:\n<ul class=\"wp-block-list\">\n<li>DOC<\/li>\n\n\n\n<li>RTF<\/li>\n\n\n\n<li>XLS<\/li>\n\n\n\n<li>CSV<\/li>\n\n\n\n<li>GIF<\/li>\n\n\n\n<li>TIF<\/li>\n\n\n\n<li>BMP<\/li>\n\n\n\n<li>JPG<\/li>\n<\/ul>\n<\/li>\n\n\n\n<li>Wielko\u015b\u0107 wszystkich za\u0142\u0105cznik\u00f3w do\u0142\u0105czonych do jednego formularza (dokumentu elektronicznego) nie mo\u017ce przekroczy\u0107 3MB.<\/li>\n\n\n\n<li>Dokumenty zawieraj\u0105ce z\u0142o\u015bliwe oprogramowanie b\u0119d\u0105 automatycznie odrzucane i\u00a0nie zostan\u0105 rozpatrzone.<\/li>\n<\/ol>\n\n\n\n<hr class=\"wp-block-separator has-alpha-channel-opacity\"\/>\n\n\n\n<h2 class=\"wp-block-heading\"><strong>Przeczytaj jak przetwarzane s\u0105 Twoje dane<\/strong><\/h2>\n\n\n\n<h3 class=\"wp-block-heading\">To\u017csamo\u015b\u0107 administratora<\/h3>\n\n\n\n<p>Administratorem danych jest Minister Cyfryzacji, maj\u0105cy siedzib\u0119 w Warszawie (00-060) przy ul. Kr\u00f3lewskiej 27.<\/p>\n\n\n\n<h3 class=\"wp-block-heading\">Dane kontaktowe administratora<\/h3>\n\n\n\n<p>Z administratorem mo\u017cna si\u0119 skontaktowa\u0107 poprzez adres email&nbsp;<a href=\"mailto:mc@mc.gov.pl\">mc@mc.gov.pl<\/a>, formularz kontaktowy pod adresem&nbsp;<a href=\"https:\/\/www.gov.pl\/cyfryzacja\/kontakt\" target=\"_blank\" rel=\"noreferrer noopener\">https:\/\/www.gov.pl\/cyfryzacja\/kontakt<\/a>, lub pisemnie na adres siedziby administratora.<\/p>\n\n\n\n<h3 class=\"wp-block-heading\">Dane kontaktowe inspektora ochrony danych osobowych<\/h3>\n\n\n\n<p>Administrator wyznaczy\u0142 inspektora ochrony danych, z kt\u00f3rym mo\u017ce si\u0119 Pani \/ Pan skontaktowa\u0107 poprzez email&nbsp;<a href=\"mailto:iod@mc.gov.pl.\"><\/a><a href=\"mailto:iod@mc.gov.pl\">iod@mc.gov.pl<\/a>.&nbsp;Z inspektorem ochrony danych mo\u017cna si\u0119 kontaktowa\u0107 we wszystkich sprawach dotycz\u0105cych przetwarzania danych osobowych oraz korzystania z praw zwi\u0105zanych z przetwarzaniem danych.<\/p>\n\n\n\n<h3 class=\"wp-block-heading\">Cele przetwarzania i podstawa prawna przetwarzania<\/h3>\n\n\n\n<p>Pani \/ Pana dane b\u0119d\u0105 przetwarzane w celu realizacji obowi\u0105zku prawnego o kt\u00f3rym mowa w art. 9 ust. 4 pkt 3) oraz art. 9 ust. 4 a ustawy z dnia 6 wrze\u015bnia 2001 r. o dost\u0119pie do informacji publicznej.<\/p>\n\n\n\n<h3 class=\"wp-block-heading\">Odbiorcy danych lub kategorie odbiorc\u00f3w danych<\/h3>\n\n\n\n<p>Pani\/Pana dane osobowe mog\u0105 by\u0107 przekazywane podmiotom przetwarzaj\u0105cym dane osobowe na zlecenie administratora tj. Centralnemu O\u015brodkowi Informatyki.<\/p>\n\n\n\n<h3 class=\"wp-block-heading\">Okres przechowywania danych<\/h3>\n\n\n\n<p>Dane b\u0119d\u0105 przetwarzane przez okres niezb\u0119dny do utrzymania Scentralizowanego Systemu Dost\u0119pu do Informacji Publicznej.<\/p>\n\n\n\n<h3 class=\"wp-block-heading\">Prawa podmiot\u00f3w danych<\/h3>\n\n\n\n<p>Przys\u0142uguje Pani\/Panu prawo dost\u0119pu do Pani\/Pana danych oraz prawo \u017c\u0105dania ich sprostowania oraz usuni\u0119cia po okresie, o kt\u00f3rym mowa powy\u017cej.<\/p>\n\n\n\n<h3 class=\"wp-block-heading\">Prawo wniesienia skargi do organu nadzorczego<\/h3>\n\n\n\n<p>Przys\u0142uguje Pani\/Panu r\u00f3wnie\u017c prawo wniesienia skargi do organu nadzorczego zajmuj\u0105cego si\u0119 ochron\u0105 danych osobowych w pa\u0144stwie cz\u0142onkowskim Pani \/ Pana zwyk\u0142ego pobytu, miejsca pracy lub miejsca pope\u0142nienia domniemanego naruszenia.<br>Biuro Prezesa Urz\u0119du Ochrony Danych Osobowych (PUODO)<br>Adres: Stawki 2, 00-193 Warszawa<br>Telefon: 22 860 70 86<\/p>\n\n\n\n<h3 class=\"wp-block-heading\">Informacja o dobrowolno\u015bci lub obowi\u0105zku podania danych<\/h3>\n\n\n\n<p>Podanie przez Pani\u0105\/Pana danych osobowych niezb\u0119dne, do stworzenia stron Biuletynu Informacji Publicznej, o kt\u00f3rych mowa w ust. 2, oraz przetwarzania informacji publicznych, w tym ich przeszukiwania wed\u0142ug kryteri\u00f3w przedmiotowych i podmiotowych.<\/p>\n\n\n\n<p><\/p>\n","protected":false},"excerpt":{"rendered":"<p>ESP ePUAP Elektroniczna skrzynka podawcza W celu z\u0142o\u017cenia do&nbsp;SZKO\u0141A PODSTAWOWA NR 13 W MIELCU&nbsp;pisma w formie dokumentu elektronicznego za po\u015brednictwem elektronicznej skrzynki podawczej konieczne jest posiadanie bezp\u0142atnego konta u\u017cytkownika i profilu zaufanego na&nbsp;platformie ePUAP. Adres elektronicznej skrzynki podawczej (ESP) SP13 <a href=\"https:\/\/sp13.mielec.pl\/?page_id=177\" class=\"read-more\">&#8230;<\/a><\/p>\n","protected":false},"author":1,"featured_media":0,"parent":0,"menu_order":0,"comment_status":"closed","ping_status":"closed","template":"","meta":{"_themeisle_gutenberg_block_has_review":false,"footnotes":""},"class_list":["post-177","page","type-page","status-publish","hentry"],"yoast_head":"<!-- This site is optimized with the Yoast SEO plugin v25.9 - https:\/\/yoast.com\/wordpress\/plugins\/seo\/ -->\n<title>ESP ePUAP - SZKO\u0141A PODSTAWOWA NR 13 W MIELCU<\/title>\n<meta name=\"description\" content=\"SZKO\u0141A PODSTAWOWA NR 13 W MIELCU %Szko\u0142a Podstawowa nr 13 w Mielcu\" \/>\n<meta name=\"robots\" content=\"index, follow, max-snippet:-1, max-image-preview:large, max-video-preview:-1\" \/>\n<link rel=\"canonical\" href=\"https:\/\/sp13.mielec.pl\/?page_id=177\" \/>\n<meta property=\"og:locale\" content=\"pl_PL\" \/>\n<meta property=\"og:type\" content=\"article\" \/>\n<meta property=\"og:title\" content=\"ESP ePUAP - SZKO\u0141A PODSTAWOWA NR 13 W MIELCU\" \/>\n<meta property=\"og:description\" content=\"SZKO\u0141A PODSTAWOWA NR 13 W MIELCU %Szko\u0142a Podstawowa nr 13 w Mielcu\" \/>\n<meta property=\"og:url\" content=\"https:\/\/sp13.mielec.pl\/?page_id=177\" \/>\n<meta property=\"og:site_name\" content=\"SZKO\u0141A PODSTAWOWA NR 13 W MIELCU\" \/>\n<meta property=\"article:publisher\" content=\"https:\/\/www.facebook.com\/profile.php?id=100075648866324#\" \/>\n<meta name=\"twitter:card\" content=\"summary_large_image\" \/>\n<meta name=\"twitter:label1\" content=\"Szacowany czas czytania\" \/>\n\t<meta name=\"twitter:data1\" content=\"3 minuty\" \/>\n<script type=\"application\/ld+json\" class=\"yoast-schema-graph\">{\"@context\":\"https:\/\/schema.org\",\"@graph\":[{\"@type\":\"WebPage\",\"@id\":\"https:\/\/sp13.mielec.pl\/?page_id=177\",\"url\":\"https:\/\/sp13.mielec.pl\/?page_id=177\",\"name\":\"ESP ePUAP - SZKO\u0141A PODSTAWOWA NR 13 W MIELCU\",\"isPartOf\":{\"@id\":\"https:\/\/sp13.mielec.pl\/#website\"},\"datePublished\":\"2025-09-11T07:00:31+00:00\",\"description\":\"SZKO\u0141A PODSTAWOWA NR 13 W MIELCU %Szko\u0142a Podstawowa nr 13 w Mielcu\",\"breadcrumb\":{\"@id\":\"https:\/\/sp13.mielec.pl\/?page_id=177#breadcrumb\"},\"inLanguage\":\"pl-PL\",\"potentialAction\":[{\"@type\":\"ReadAction\",\"target\":[\"https:\/\/sp13.mielec.pl\/?page_id=177\"]}]},{\"@type\":\"BreadcrumbList\",\"@id\":\"https:\/\/sp13.mielec.pl\/?page_id=177#breadcrumb\",\"itemListElement\":[{\"@type\":\"ListItem\",\"position\":1,\"name\":\"Home\",\"item\":\"https:\/\/sp13.mielec.pl\/\"},{\"@type\":\"ListItem\",\"position\":2,\"name\":\"ESP ePUAP\"}]},{\"@type\":\"WebSite\",\"@id\":\"https:\/\/sp13.mielec.pl\/#website\",\"url\":\"https:\/\/sp13.mielec.pl\/\",\"name\":\"SZKO\u0141A PODSTAWOWA NR 13 W MIELCU\",\"description\":\"im. Jana Bytnara Rudego\",\"publisher\":{\"@id\":\"https:\/\/sp13.mielec.pl\/#organization\"},\"potentialAction\":[{\"@type\":\"SearchAction\",\"target\":{\"@type\":\"EntryPoint\",\"urlTemplate\":\"https:\/\/sp13.mielec.pl\/?s={search_term_string}\"},\"query-input\":{\"@type\":\"PropertyValueSpecification\",\"valueRequired\":true,\"valueName\":\"search_term_string\"}}],\"inLanguage\":\"pl-PL\"},{\"@type\":\"Organization\",\"@id\":\"https:\/\/sp13.mielec.pl\/#organization\",\"name\":\"SZKO\u0141A PODSTAWOWA NR 13 W MIELCU\",\"url\":\"https:\/\/sp13.mielec.pl\/\",\"logo\":{\"@type\":\"ImageObject\",\"inLanguage\":\"pl-PL\",\"@id\":\"https:\/\/sp13.mielec.pl\/#\/schema\/logo\/image\/\",\"url\":\"https:\/\/sp13.mielec.pl\/wp-content\/uploads\/2025\/09\/cropped-cropped-herb-szkoly-ezgif.com-resize-1.gif\",\"contentUrl\":\"https:\/\/sp13.mielec.pl\/wp-content\/uploads\/2025\/09\/cropped-cropped-herb-szkoly-ezgif.com-resize-1.gif\",\"width\":150,\"height\":150,\"caption\":\"SZKO\u0141A PODSTAWOWA NR 13 W MIELCU\"},\"image\":{\"@id\":\"https:\/\/sp13.mielec.pl\/#\/schema\/logo\/image\/\"},\"sameAs\":[\"https:\/\/www.facebook.com\/profile.php?id=100075648866324#\"]}]}<\/script>\n<!-- \/ Yoast SEO plugin. -->","yoast_head_json":{"title":"ESP ePUAP - SZKO\u0141A PODSTAWOWA NR 13 W MIELCU","description":"SZKO\u0141A PODSTAWOWA NR 13 W MIELCU %Szko\u0142a Podstawowa nr 13 w Mielcu","robots":{"index":"index","follow":"follow","max-snippet":"max-snippet:-1","max-image-preview":"max-image-preview:large","max-video-preview":"max-video-preview:-1"},"canonical":"https:\/\/sp13.mielec.pl\/?page_id=177","og_locale":"pl_PL","og_type":"article","og_title":"ESP ePUAP - SZKO\u0141A PODSTAWOWA NR 13 W MIELCU","og_description":"SZKO\u0141A PODSTAWOWA NR 13 W MIELCU %Szko\u0142a Podstawowa nr 13 w Mielcu","og_url":"https:\/\/sp13.mielec.pl\/?page_id=177","og_site_name":"SZKO\u0141A PODSTAWOWA NR 13 W MIELCU","article_publisher":"https:\/\/www.facebook.com\/profile.php?id=100075648866324#","twitter_card":"summary_large_image","twitter_misc":{"Szacowany czas czytania":"3 minuty"},"schema":{"@context":"https:\/\/schema.org","@graph":[{"@type":"WebPage","@id":"https:\/\/sp13.mielec.pl\/?page_id=177","url":"https:\/\/sp13.mielec.pl\/?page_id=177","name":"ESP ePUAP - SZKO\u0141A PODSTAWOWA NR 13 W MIELCU","isPartOf":{"@id":"https:\/\/sp13.mielec.pl\/#website"},"datePublished":"2025-09-11T07:00:31+00:00","description":"SZKO\u0141A PODSTAWOWA NR 13 W MIELCU %Szko\u0142a Podstawowa nr 13 w Mielcu","breadcrumb":{"@id":"https:\/\/sp13.mielec.pl\/?page_id=177#breadcrumb"},"inLanguage":"pl-PL","potentialAction":[{"@type":"ReadAction","target":["https:\/\/sp13.mielec.pl\/?page_id=177"]}]},{"@type":"BreadcrumbList","@id":"https:\/\/sp13.mielec.pl\/?page_id=177#breadcrumb","itemListElement":[{"@type":"ListItem","position":1,"name":"Home","item":"https:\/\/sp13.mielec.pl\/"},{"@type":"ListItem","position":2,"name":"ESP ePUAP"}]},{"@type":"WebSite","@id":"https:\/\/sp13.mielec.pl\/#website","url":"https:\/\/sp13.mielec.pl\/","name":"SZKO\u0141A PODSTAWOWA NR 13 W MIELCU","description":"im. Jana Bytnara Rudego","publisher":{"@id":"https:\/\/sp13.mielec.pl\/#organization"},"potentialAction":[{"@type":"SearchAction","target":{"@type":"EntryPoint","urlTemplate":"https:\/\/sp13.mielec.pl\/?s={search_term_string}"},"query-input":{"@type":"PropertyValueSpecification","valueRequired":true,"valueName":"search_term_string"}}],"inLanguage":"pl-PL"},{"@type":"Organization","@id":"https:\/\/sp13.mielec.pl\/#organization","name":"SZKO\u0141A PODSTAWOWA NR 13 W MIELCU","url":"https:\/\/sp13.mielec.pl\/","logo":{"@type":"ImageObject","inLanguage":"pl-PL","@id":"https:\/\/sp13.mielec.pl\/#\/schema\/logo\/image\/","url":"https:\/\/sp13.mielec.pl\/wp-content\/uploads\/2025\/09\/cropped-cropped-herb-szkoly-ezgif.com-resize-1.gif","contentUrl":"https:\/\/sp13.mielec.pl\/wp-content\/uploads\/2025\/09\/cropped-cropped-herb-szkoly-ezgif.com-resize-1.gif","width":150,"height":150,"caption":"SZKO\u0141A PODSTAWOWA NR 13 W MIELCU"},"image":{"@id":"https:\/\/sp13.mielec.pl\/#\/schema\/logo\/image\/"},"sameAs":["https:\/\/www.facebook.com\/profile.php?id=100075648866324#"]}]}},"rttpg_featured_image_url":null,"rttpg_author":{"display_name":"admin","author_link":"https:\/\/sp13.mielec.pl\/?author=1"},"rttpg_comment":0,"rttpg_category":null,"rttpg_excerpt":"ESP ePUAP Elektroniczna skrzynka podawcza W celu z\u0142o\u017cenia do&nbsp;SZKO\u0141A PODSTAWOWA NR 13 W MIELCU&nbsp;pisma w formie dokumentu elektronicznego za po\u015brednictwem elektronicznej skrzynki podawczej konieczne jest posiadanie bezp\u0142atnego konta u\u017cytkownika i profilu zaufanego na&nbsp;platformie ePUAP. Adres elektronicznej skrzynki podawczej (ESP) SP13 ...","_links":{"self":[{"href":"https:\/\/sp13.mielec.pl\/index.php?rest_route=\/wp\/v2\/pages\/177","targetHints":{"allow":["GET"]}}],"collection":[{"href":"https:\/\/sp13.mielec.pl\/index.php?rest_route=\/wp\/v2\/pages"}],"about":[{"href":"https:\/\/sp13.mielec.pl\/index.php?rest_route=\/wp\/v2\/types\/page"}],"author":[{"embeddable":true,"href":"https:\/\/sp13.mielec.pl\/index.php?rest_route=\/wp\/v2\/users\/1"}],"replies":[{"embeddable":true,"href":"https:\/\/sp13.mielec.pl\/index.php?rest_route=%2Fwp%2Fv2%2Fcomments&post=177"}],"version-history":[{"count":1,"href":"https:\/\/sp13.mielec.pl\/index.php?rest_route=\/wp\/v2\/pages\/177\/revisions"}],"predecessor-version":[{"id":178,"href":"https:\/\/sp13.mielec.pl\/index.php?rest_route=\/wp\/v2\/pages\/177\/revisions\/178"}],"wp:attachment":[{"href":"https:\/\/sp13.mielec.pl\/index.php?rest_route=%2Fwp%2Fv2%2Fmedia&parent=177"}],"curies":[{"name":"wp","href":"https:\/\/api.w.org\/{rel}","templated":true}]}}